{"id":133,"date":"2021-01-08T19:43:50","date_gmt":"2021-01-08T18:43:50","guid":{"rendered":"https:\/\/www.barbarakajetanowicz.com\/?page_id=133"},"modified":"2024-08-07T18:26:41","modified_gmt":"2024-08-07T16:26:41","slug":"termine","status":"publish","type":"page","link":"https:\/\/www.barbarakajetanowicz.com\/en\/termine\/","title":{"rendered":"Calendar"},"content":{"rendered":"<p>[et_pb_section fb_built=&#8220;1&#8243; _builder_version=&#8220;4.16&#8243; _module_preset=&#8220;default&#8220; background_color=&#8220;#f0eae2&#8243; min_height=&#8220;548px&#8220; custom_padding=&#8220;16px||0px|||&#8220; global_colors_info=&#8220;{}&#8220;][et_pb_row _builder_version=&#8220;4.16&#8243; _module_preset=&#8220;default&#8220; width=&#8220;80%&#8220; custom_margin=&#8220;6px|auto||auto||&#8220; custom_padding=&#8220;0px||0px|||&#8220; global_colors_info=&#8220;{}&#8220;][et_pb_column type=&#8220;4_4&#8243; _builder_version=&#8220;4.16&#8243; _module_preset=&#8220;default&#8220; global_colors_info=&#8220;{}&#8220;][\/et_pb_column][\/et_pb_row][et_pb_row column_structure=&#8220;1_5,1_5,1_5,1_5,1_5&#8243; _builder_version=&#8220;4.23.4&#8243; _module_preset=&#8220;default&#8220; global_colors_info=&#8220;{}&#8220;][et_pb_column type=&#8220;1_5&#8243; _builder_version=&#8220;4.16&#8243; _module_preset=&#8220;default&#8220; global_colors_info=&#8220;{}&#8220;][\/et_pb_column][et_pb_column type=&#8220;1_5&#8243; _builder_version=&#8220;4.16&#8243; _module_preset=&#8220;default&#8220; global_colors_info=&#8220;{}&#8220;][\/et_pb_column][et_pb_column type=&#8220;1_5&#8243; _builder_version=&#8220;4.23.4&#8243; _module_preset=&#8220;default&#8220; global_colors_info=&#8220;{}&#8220;][\/et_pb_column][et_pb_column type=&#8220;1_5&#8243; _builder_version=&#8220;4.16&#8243; _module_preset=&#8220;default&#8220; global_colors_info=&#8220;{}&#8220;][\/et_pb_column][et_pb_column type=&#8220;1_5&#8243; _builder_version=&#8220;4.16&#8243; _module_preset=&#8220;default&#8220; global_colors_info=&#8220;{}&#8220;][\/et_pb_column][\/et_pb_row][et_pb_row column_structure=&#8220;1_4,1_4,1_4,1_4&#8243; _builder_version=&#8220;4.27.0&#8243; _module_preset=&#8220;default&#8220; global_colors_info=&#8220;{}&#8220;][et_pb_column type=&#8220;1_4&#8243; _builder_version=&#8220;4.23.4&#8243; _module_preset=&#8220;default&#8220; global_colors_info=&#8220;{}&#8220;][et_pb_image src=&#8220;https:\/\/www.barbarakajetanowicz.com\/wp-content\/uploads\/2024\/01\/12.1.-Konzert.jpg&#8220; alt=&#8220;ENGEL SINGEN JUBELLIEDER&#8220; title_text=&#8220;12.1. Konzert&#8220; show_in_lightbox=&#8220;on&#8220; _builder_version=&#8220;4.23.4&#8243; _module_preset=&#8220;default&#8220; global_colors_info=&#8220;{}&#8220;][\/et_pb_image][\/et_pb_column][et_pb_column type=&#8220;1_4&#8243; _builder_version=&#8220;4.23.4&#8243; _module_preset=&#8220;default&#8220; global_colors_info=&#8220;{}&#8220;][et_pb_image src=&#8220;https:\/\/www.barbarakajetanowicz.com\/wp-content\/uploads\/2024\/08\/Plakat-Liederabend-2024.jpg&#8220; alt=&#8220;Liederabend 2024 %22Frauentag%22&#8243; title_text=&#8220;Screenshot&#8220; _builder_version=&#8220;4.27.0&#8243; _module_preset=&#8220;default&#8220; global_colors_info=&#8220;{}&#8220;][\/et_pb_image][\/et_pb_column][et_pb_column type=&#8220;1_4&#8243; _builder_version=&#8220;4.23.4&#8243; _module_preset=&#8220;default&#8220; global_colors_info=&#8220;{}&#8220;][et_pb_image src=&#8220;https:\/\/www.barbarakajetanowicz.com\/wp-content\/uploads\/2024\/08\/Plakat-Galakonzert-Mechelen-2-scaled.jpg&#8220; title_text=&#8220;Plakat Galakonzert Mechelen 2&#8243; _builder_version=&#8220;4.27.0&#8243; _module_preset=&#8220;default&#8220; global_colors_info=&#8220;{}&#8220;][\/et_pb_image][\/et_pb_column][et_pb_column type=&#8220;1_4&#8243; _builder_version=&#8220;4.23.4&#8243; _module_preset=&#8220;default&#8220; global_colors_info=&#8220;{}&#8220;][et_pb_image src=&#8220;https:\/\/www.barbarakajetanowicz.com\/wp-content\/uploads\/2024\/08\/Plakat-Galakonzert-Mechelen1-1.jpg&#8220; _builder_version=&#8220;4.27.0&#8243; _module_preset=&#8220;default&#8220; alt=&#8220;Galakonzert Mechelen\/Belgien Juni 2024&#8243; title_text=&#8220;Sommernachtskonzert Juni 2024&#8243; hover_enabled=&#8220;0&#8243; sticky_enabled=&#8220;0&#8243;][\/et_pb_image][\/et_pb_column][\/et_pb_row][et_pb_row _builder_version=&#8220;4.16&#8243; _module_preset=&#8220;default&#8220; global_colors_info=&#8220;{}&#8220;][et_pb_column type=&#8220;4_4&#8243; _builder_version=&#8220;4.16&#8243; _module_preset=&#8220;default&#8220; global_colors_info=&#8220;{}&#8220;][et_pb_text _builder_version=&#8220;4.27.0&#8243; _module_preset=&#8220;default&#8220; global_colors_info=&#8220;{}&#8220;]<\/p>\n<h3 style=\"text-align: center;\"><\/h3>\n<p>&nbsp;<\/p>\n<h3><strong>T E R M I N E <\/strong><\/h3>\n<h3><strong><span class=\"Apple-converted-space\">\u00a0<\/span><\/strong><\/h3>\n<h3><strong><span class=\"Apple-converted-space\"><\/span><\/strong><\/h3>\n<h3><strong><span class=\"Apple-converted-space\">2 0 2 4<\/span><\/strong><strong><span class=\"Apple-converted-space\"><\/span><\/strong><strong><span class=\"Apple-converted-space\"><\/span><\/strong><\/h3>\n<p><strong><span class=\"Apple-converted-space\"><\/span><\/strong><\/p>\n<p><strong><span class=\"Apple-converted-space\">12. &#8211; 14. SEPTEMBER 2024\u00a0<\/span><\/strong><\/p>\n<p><span class=\"Apple-converted-space\">MUSIKWERKSTATT GESANG in Schloss Fischau<\/span><strong><span class=\"Apple-converted-space\"><\/span><\/strong><span class=\"Apple-converted-space\"><\/span><\/p>\n<p><span class=\"Apple-converted-space\"><\/span><\/p>\n<p><strong><span class=\"Apple-converted-space\">21. &#8211; 23. JUNI 2024\u00a0<\/span><\/strong><\/p>\n<p><span class=\"Apple-converted-space\">KONZERTREISE nach MECHELEN\/BELGIEN<\/span><\/p>\n<p><span class=\"Apple-converted-space\"><\/span><\/p>\n<p><strong>31. M\u00c4RZ 2024<\/strong><\/p>\n<p>OSTERHOCHAMT in Maria Dreieichen, 10:00 Uhr, Schubert-Messe in G-Dur<\/p>\n<p>&nbsp;<\/p>\n<p><strong><span class=\"Apple-converted-space\">30. M\u00c4RZ 2024<\/span><\/strong><\/p>\n<p><span class=\"Apple-converted-space\">OSTERNACHTFEIER in der BERGKIRCHE RODAUN, 1230 Wien, 20:00 Uhr<\/span><\/p>\n<p><span class=\"Apple-converted-space\"><\/span><\/p>\n<p><strong><span class=\"Apple-converted-space\">17. M\u00c4RZ 2024<\/span><\/strong><\/p>\n<p><span class=\"Apple-converted-space\">KONZERT mit dem LATIN SOUVENIR ENSEMBLE im Caf\u00e9 Kreuzberg, Wien<\/span><\/p>\n<p><span class=\"Apple-converted-space\"><\/span><\/p>\n<p><strong><span class=\"Apple-converted-space\">8. M\u00c4RZ 2024<\/span><\/strong><\/p>\n<p><span class=\"Apple-converted-space\">LIEDER- und ARIENABEND zum Internat. Frauentag &#8211; Schloss Fischau, 2721 Bad Fischau-Brunn, Wiener Neust\u00e4dter Str. 3<\/span><\/p>\n<p>&nbsp;<\/p>\n<p><strong><span class=\"Apple-converted-space\">10. FEBRUAR 2024<\/span><\/strong><\/p>\n<p><span class=\"Apple-converted-space\">KONZERT &#8211; W. A. Mozart, Vesperae solennes de Confessore KV 339, Kapelle im Bildungshaus St. Hippolyt, 17:00 Uhr &#8211; ABGESAGT!<\/span><\/p>\n<p>&nbsp;<\/p>\n<p><strong><span class=\"Apple-converted-space\">6. &#8211; 10. FEBRUAR 2024<\/span><\/strong><\/p>\n<p><span class=\"Apple-converted-space\">LAUDATE DOMINUM &#8211; Workshop f\u00fcr Kirchenmusiker*innen und Chor-\/S\u00e4nger*innen, St. P\u00f6lten, Bildungshaus St. Hippolyt &#8211; ABGESAGT!<\/span><\/p>\n<p>&nbsp;<\/p>\n<p><strong>14. JANUAR 2024<\/strong><\/p>\n<p>FESTMESSE &#8211; Pfarrkirche Floridsdorf, 1210 Wien, Pius-Parsch-Platz 3, 10:30 Uhr<\/p>\n<p>&nbsp;<\/p>\n<p><strong>12. JANUAR 2024<\/strong><\/p>\n<p>KLASSENKONZERT \u00a0der Gesangsklasse Barbara Kajetanowicz vom Konservatorium f\u00fcr Kirchenmusik &#8211; Katholische Kapelle im AKH, W\u00e4hringer G\u00fcrtel 18 &#8211; 20, 18:00 Uhr<\/p>\n<p>&nbsp;<\/p>\n<h3><strong><span class=\"Apple-converted-space\">\u00a0<\/span><\/strong><\/h3>\n<h3><strong><span class=\"Apple-converted-space\"> 2 0<\/span>\u00a02 3<\/strong><\/h3>\n<p>&nbsp;<\/p>\n<p><strong>25. DEZEMBER 2023<\/strong><\/p>\n<p>HOCHAMT zum CHRISTTAG &#8211; Pfarrkirche Floridsdorf, 1210 Wien, Pius-Parsch-Platz 3, 10:30 Uhr<\/p>\n<p>&nbsp;<\/p>\n<p><strong>14. DEZEMBER 2023\u00a0<\/strong><\/p>\n<p>KLASSENABEND \u00a0der Gesangsklasse Barbara Kajetanowicz vom Konservatorium f\u00fcr Kirchenmusik &#8211; &#8222;QuoVadis&#8220; Begegnungszentrum, 1010 Wien, Stephansplatz 6, 18:30 Uhr<\/p>\n<p>&nbsp;<\/p>\n<p><strong>8. DEZEMBER 2023\u00a0<\/strong><\/p>\n<p>HOCHAMT zu Mari\u00e4 Empf\u00e4ngnis &#8211; Pfarrkirche Meidling, 1120 Wien, Migazziplatz um 9:30 Uhr<\/p>\n<p>&nbsp;<\/p>\n<p><strong>15. August 2023<\/strong><\/p>\n<p>HOCHAMT zu Mari\u00e4 Himmelfahrt &#8211; Pfarrkirche Meidling, 1120 Wien um 9:30 Uhr und Kirche St. Peter, 1010 Wien um 11:15 Uhr<\/p>\n<p>&nbsp;<\/p>\n<p><strong>29. JULI 2023<\/strong><\/p>\n<p>Festliche HOCHZEITSMESSE in Stift Heiligenkreu um 14:00 Uhr<\/p>\n<p>&nbsp;<\/p>\n<p><strong><\/strong><\/p>\n<p><strong>23. JULI 2023<\/strong><\/p>\n<p>WORLD PEACE CHORAL FESTIVAL \u00a0&#8211; \u00a019:30 Uhr, Goldener Saal des Wiener Musikverein \u00a0&#8211; \u00a0Barocke Arien mit dem\u00a0Chamber Orchestra M\u00f6dling unter Maestro Francois-Pierre Descamps<\/p>\n<p>&nbsp;<\/p>\n<p><strong>23. JULI 2023<\/strong><\/p>\n<p>FESTMESSE zum 221. Geburtstag von B. Randhartinger &#8211; 3244 Ruprechtshofen, Pfarrkirche 9:30 Uhr<\/p>\n<p><strong><\/strong><\/p>\n<p><strong>6. &#8211; 8. JULI 2023<\/strong><\/p>\n<p>MUSIKWERKSTATT GESANG in Schloss Fischau<\/p>\n<p>&nbsp;<\/p>\n<p><strong>29. JUNI 2023<\/strong><\/p>\n<p>KONZERT mit dem SOUVENIR QUARTETT &#8211; SOMMERFEST im QuoVadis? Begegnungszentrum &#8211; Stephansplatz 6, 1010 Wien<\/p>\n<p>&nbsp;<\/p>\n<p><strong>25. &#8211; 27. APRIL 2023<\/strong><\/p>\n<p>ORCHESTRA WORKSHOP f\u00fcr S\u00e4nger*innen und Dirigent*innen mit dem Chamber Orchestra M\u00f6dling unter Maestro Christoph Ehrenfellner. Festsaal Die Elisabethinen Wien, Landstra\u00dfer Hauptstra\u00dfe 4a. Abschlusskonzert am 27. April um 17:00<\/p>\n<p>&nbsp;<\/p>\n<p><strong>24. APRIL 2023<\/strong><\/p>\n<p>KONZERT mit dem SOUVENIR QUARTETT &#8211; Theater am Kurpark, Wien<\/p>\n<p>&nbsp;<\/p>\n<p><strong>19. M\u00c4RZ 2023<\/strong><\/p>\n<p>KONZERT\u00a0&#8222;PSALM 91&#8220; von A. Wessetzky &#8211; Pfarrkirche Meidling, 15:00 Uhr<\/p>\n<p>&nbsp;<\/p>\n<p><strong>25. &#8211; 27. FEBRUAR 2023<\/strong><\/p>\n<p>INTERNATIONAL MASTERCLASS for ORCHESTRAL CONDUCTING and SINGING &#8211; RAZGRAD\/BULGARIA &#8211; Leitung: Ivan Iliev<\/p>\n<p>&nbsp;<\/p>\n<p><strong>14. FEBRUAR 2023\u00a0<\/strong><\/p>\n<p>KONZERT mit dem SOUVENIR QUARTETT &#8211; Festsaal der Veranstaltungsreihe &#8222;froh.sinn&#8220;, Die Elisabethinen Wien<\/p>\n<p>&nbsp;<\/p>\n<p><strong>20. JANUAR 2023<\/strong><\/p>\n<p>KONZERT &#8222;Domine Deus&#8220; f\u00fcr Sopran, Violine, Cello und Klavier &#8211; Quo Vadis? Begegnungszentrum &#8211; \u00a0Stephansplatz 6, 1010 Wien<\/p>\n<p>&nbsp;<\/p>\n<p><strong>12. JANUAR 2023<\/strong><\/p>\n<p>BENEFIZKONZERT f\u00fcr die UKRAINE &#8211; Stift Klosterneuburg &#8211; Chamber Orchestra M\u00f6dling &#8211; Dirigent Ivan Iliev<\/p>\n<p>&nbsp;<\/p>\n<p><strong>11. JANUAR 2023<\/strong><\/p>\n<p>BENEFIZKONZERT f\u00fcr die UKRAINE &#8211; M\u00f6dling &#8211; Chamber Orchestra M\u00f6dling &#8211; Dirigent Ivan Iliev<\/p>\n<p>&nbsp;<\/p>\n<p>&nbsp;<\/p>\n<h3><strong><span class=\"Apple-converted-space\">2 0<\/span>\u00a02 2<\/strong><\/h3>\n<p><strong><\/strong><\/p>\n<p><strong>24. DEZEMBER 2022<\/strong><\/p>\n<p>CHRISTMETTE in der Pfarre Meidling<\/p>\n<p>&nbsp;<\/p>\n<p><strong>8. DEZEMBER 2022<\/strong><\/p>\n<p>HOCHAMT zu Maria Empf\u00e4ngnis in der Pfarre Meidling<\/p>\n<p>&nbsp;<\/p>\n<p><strong>9. NOVEMBER 2022<\/strong><\/p>\n<p>KONZERT mit dem SOUVENIR QUARTETT &#8211; M\u00f6dling &#8211; Landespflegeheim<\/p>\n<p>&nbsp;<\/p>\n<p><strong>30. SEPTEMBER &#8211; 2. OKTOBER 2022<\/strong><\/p>\n<p>MASTERCLASS in LIED GESANG \u00a0&#8211; \u00a0Benedict Randhartinger Gesellschaft \/ Ruprechtshofen<\/p>\n<p>&nbsp;<\/p>\n<p><strong>10. &#8211; 12. SEPTEMBER 2022<\/strong><\/p>\n<p>INTERNATIONAL MASTERCLASS for ORCHESTRAL CONDUCTING and SINGING &#8211; RAZGRAD\/BULGARIA &#8211; Leitung: Ivan Iliev<\/p>\n<p>&nbsp;<\/p>\n<p><strong>15. AUGUST 2022<\/strong><\/p>\n<p>HOCHAMT zu Mari\u00e4 Himmelfahrt in Maria Dreieichen<\/p>\n<p>&nbsp;<\/p>\n<p><strong>17. JULI 2022<\/strong><\/p>\n<p>KONZERT mit dem SOUVENIR QUARTETT \u00a0&#8211; \u00a0S\u00fcdamerikanische Lieder und Melodien &#8211; Caf\u00e9 Kreuzberg, Wien<\/p>\n<p>&nbsp;<\/p>\n<p><strong>7. &#8211; 9. JULI 2022<\/strong><\/p>\n<p>MUSIKWERKSTATT GESANG in Schloss Fischau<\/p>\n<p>&nbsp;<\/p>\n<p><strong>10. JUNI 2022<\/strong><\/p>\n<p>LANGE NACHT DER KIRCHEN \u00a0&#8211; \u00a0Urauff\u00fchrung des &#8222;PSALM 91&#8220; in der Marienkirche in Wien<\/p>\n<p>&nbsp;<\/p>\n<p><strong>5. JUNI 2022<\/strong><\/p>\n<p>PFINGST-HOCHAMT in der Pfarre Meidling<\/p>\n<p>&nbsp;<\/p>\n<p><strong>3. &#8211; 4. JUNI 2022<\/strong><\/p>\n<p>GESANGS-WORKSHOP im R\u00f6merhof\/Steiermark<\/p>\n<p>&nbsp;<\/p>\n<p><strong>26. MAI 2022<\/strong><\/p>\n<p>HOCHAMT zu Christi Himmelfahrt in der Pfarre Meidling<\/p>\n<p>&nbsp;<\/p>\n<p><strong>23. APRIL 2022<\/strong><\/p>\n<p>PATROZINIUM in der Pfarre Kagran &#8211; J. Haydn, Nelsonmesse<\/p>\n<p>&nbsp;<\/p>\n<p><strong>17. APRIL 2022<\/strong><\/p>\n<p>OSTER-HOCHAMT\u00a0in der Pfarre Meidling<\/p>\n<p>&nbsp;<\/p>\n<p><strong>9. APRIL 2022<\/strong><\/p>\n<p>KONZERT in der Pfarrkirche St. \u00c4gidius in Wien\/Oberlaa \u00a0&#8211; \u00a0G.B.Pergolesi, Stabat Mater<\/p>\n<p>&nbsp;<\/p>\n<p><strong>8. APRIL 2022<\/strong><\/p>\n<p>KONZERT in Maria Dreieichen &#8211; G.B.Pergolesi, Stabat Mater<\/p>\n<p>&nbsp;<\/p>\n<p><strong>6. APRIL 2022<\/strong><\/p>\n<p>KONZERT mit Liedern von Nancy Van de Vate \u00a0&#8211; \u00a0Haus Fortuna, Wien<\/p>\n<p><strong><\/strong><\/p>\n<p><strong>1. JANUAR 2022<\/strong><\/p>\n<p>HOCHAMT in der Peterskirche, Wien<\/p>\n<p>&nbsp;<\/p>\n<p>[\/et_pb_text][\/et_pb_column][\/et_pb_row][et_pb_row _builder_version=&#8220;4.16&#8243; _module_preset=&#8220;default&#8220; custom_margin=&#8220;21px|auto||auto||&#8220; global_colors_info=&#8220;{}&#8220;][et_pb_column type=&#8220;4_4&#8243; _builder_version=&#8220;4.16&#8243; _module_preset=&#8220;default&#8220; global_colors_info=&#8220;{}&#8220;][et_pb_text _builder_version=&#8220;4.16&#8243; _module_preset=&#8220;default&#8220; global_colors_info=&#8220;{}&#8220;]<\/p>\n<p style=\"text-align: center;\"><a href=\"https:\/\/www.barbarakajetanowicz.com\">\u21d0 zur\u00fcck<\/a><\/p>\n<p>[\/et_pb_text][\/et_pb_column][\/et_pb_row][\/et_pb_section]<\/p>\n","protected":false},"excerpt":{"rendered":"<p>&nbsp; T E R M I N E \u00a0 2 0 2 4 12. &#8211; 14. SEPTEMBER 2024\u00a0 MUSIKWERKSTATT GESANG in Schloss Fischau 21. &#8211; 23. JUNI 2024\u00a0 KONZERTREISE nach MECHELEN\/BELGIEN 31. M\u00c4RZ 2024 OSTERHOCHAMT in Maria Dreieichen, 10:00 Uhr, Schubert-Messe in G-Dur &nbsp; 30. M\u00c4RZ 2024 OSTERNACHTFEIER in der BERGKIRCHE RODAUN, 1230 Wien, 20:00 [&hellip;]<\/p>\n","protected":false},"author":1,"featured_media":0,"parent":0,"menu_order":0,"comment_status":"closed","ping_status":"closed","template":"","meta":{"_et_pb_use_builder":"on","_et_pb_old_content":"","_et_gb_content_width":"","footnotes":"","_links_to":"","_links_to_target":""},"class_list":["post-133","page","type-page","status-publish","hentry"],"_links":{"self":[{"href":"https:\/\/www.barbarakajetanowicz.com\/en\/wp-json\/wp\/v2\/pages\/133","targetHints":{"allow":["GET"]}}],"collection":[{"href":"https:\/\/www.barbarakajetanowicz.com\/en\/wp-json\/wp\/v2\/pages"}],"about":[{"href":"https:\/\/www.barbarakajetanowicz.com\/en\/wp-json\/wp\/v2\/types\/page"}],"author":[{"embeddable":true,"href":"https:\/\/www.barbarakajetanowicz.com\/en\/wp-json\/wp\/v2\/users\/1"}],"replies":[{"embeddable":true,"href":"https:\/\/www.barbarakajetanowicz.com\/en\/wp-json\/wp\/v2\/comments?post=133"}],"version-history":[{"count":127,"href":"https:\/\/www.barbarakajetanowicz.com\/en\/wp-json\/wp\/v2\/pages\/133\/revisions"}],"predecessor-version":[{"id":961,"href":"https:\/\/www.barbarakajetanowicz.com\/en\/wp-json\/wp\/v2\/pages\/133\/revisions\/961"}],"wp:attachment":[{"href":"https:\/\/www.barbarakajetanowicz.com\/en\/wp-json\/wp\/v2\/media?parent=133"}],"curies":[{"name":"wp","href":"https:\/\/api.w.org\/{rel}","templated":true}]}}