{"id":157,"date":"2021-01-08T20:11:40","date_gmt":"2021-01-08T19:11:40","guid":{"rendered":"https:\/\/www.barbarakajetanowicz.com\/?page_id=157"},"modified":"2024-08-07T17:21:05","modified_gmt":"2024-08-07T15:21:05","slug":"ueber-mich","status":"publish","type":"page","link":"https:\/\/www.barbarakajetanowicz.com\/en\/ueber-mich\/","title":{"rendered":"About"},"content":{"rendered":"<p>[et_pb_section fb_built=&#8220;1&#8243; _builder_version=&#8220;4.16&#8243; _module_preset=&#8220;default&#8220; background_color=&#8220;#f0eae2&#8243; min_height=&#8220;548px&#8220; custom_padding=&#8220;16px||0px|||&#8220; global_colors_info=&#8220;{}&#8220;][et_pb_row _builder_version=&#8220;4.16&#8243; _module_preset=&#8220;default&#8220; width=&#8220;80%&#8220; max_width=&#8220;1696px&#8220; custom_margin=&#8220;6px|auto||auto||&#8220; custom_padding=&#8220;0px||0px|||&#8220; global_colors_info=&#8220;{}&#8220;][et_pb_column type=&#8220;4_4&#8243; _builder_version=&#8220;4.16&#8243; _module_preset=&#8220;default&#8220; global_colors_info=&#8220;{}&#8220;][et_pb_text _builder_version=&#8220;4.16&#8243; _module_preset=&#8220;default&#8220; custom_margin=&#8220;48px||5px|||&#8220; global_colors_info=&#8220;{}&#8220;]<\/p>\n<h1>\u00dcber mich<\/h1>\n<p>[\/et_pb_text][\/et_pb_column][\/et_pb_row][et_pb_row column_structure=&#8220;1_2,1_2&#8243; _builder_version=&#8220;4.16&#8243; _module_preset=&#8220;default&#8220; width=&#8220;84%&#8220; custom_padding=&#8220;0px|||||&#8220; global_colors_info=&#8220;{}&#8220;][et_pb_column type=&#8220;1_2&#8243; _builder_version=&#8220;4.16&#8243; _module_preset=&#8220;default&#8220; global_colors_info=&#8220;{}&#8220;][et_pb_text _builder_version=&#8220;4.16&#8243; _module_preset=&#8220;default&#8220; custom_padding=&#8220;23px|||||&#8220; global_colors_info=&#8220;{}&#8220;]<\/p>\n<h3>Barbara Kajetanowicz &#8211;\u00a0Sopran<\/h3>\n<p style=\"text-align: justify;\">Barbara Kajetanowicz studierte zun\u00e4chst in Linz an der Anton-Bruckner-Universit\u00e4t (Sologesang bei Gertrud Schulz), um danach an der Universit\u00e4t f\u00fcr Musik in Wien ihre Ausbildung fortzusetzen, wo ihre entscheidenden Lehrer Rotraut Hansmann und Gertraud Berka-Schmid waren.<\/p>\n<p>[\/et_pb_text][\/et_pb_column][et_pb_column type=&#8220;1_2&#8243; _builder_version=&#8220;4.16&#8243; _module_preset=&#8220;default&#8220; global_colors_info=&#8220;{}&#8220;][et_pb_image src=&#8220;https:\/\/www.barbarakajetanowicz.com\/wp-content\/uploads\/2021\/01\/Barbara-Kajetanowicz-Portraet.jpg&#8220; alt=&#8220;Barbara Kajetanowicz &#8211; Portr\u00e4t&#8220; title_text=&#8220;Barbara-Kajetanowicz-Portraet&#8220; show_in_lightbox=&#8220;on&#8220; _builder_version=&#8220;4.16&#8243; _module_preset=&#8220;default&#8220; width=&#8220;39%&#8220; max_width=&#8220;41%&#8220; module_alignment=&#8220;center&#8220; global_colors_info=&#8220;{}&#8220;][\/et_pb_image][\/et_pb_column][\/et_pb_row][et_pb_row _builder_version=&#8220;4.16&#8243; _module_preset=&#8220;default&#8220; width=&#8220;95%&#8220; custom_padding=&#8220;3px|||||&#8220; global_colors_info=&#8220;{}&#8220;][et_pb_column type=&#8220;4_4&#8243; _builder_version=&#8220;4.16&#8243; _module_preset=&#8220;default&#8220; global_colors_info=&#8220;{}&#8220;][et_pb_text _builder_version=&#8220;4.27.0&#8243; _module_preset=&#8220;default&#8220; width=&#8220;89%&#8220; max_width=&#8220;88%&#8220; module_alignment=&#8220;center&#8220; hover_enabled=&#8220;0&#8243; global_colors_info=&#8220;{}&#8220; sticky_enabled=&#8220;0&#8243;]<\/p>\n<p style=\"text-align: justify;\">In postgraduellen Studien absolviert sie den \u201eMaster of Arts\u201c, und ihre k\u00fcnstlerische Reife erh\u00e4lt sie in Meisterkursen bei Sena Jurinac, Ileana Cotrubas und Elly Ameling.<\/p>\n<p style=\"text-align: justify;\">K\u00fcnstlerisch f\u00fchrten sie zahlreiche Lieder- und Arien-Abende, Kammermusik-Konzerte, Konzerte mit Symphonie- als auch Kammerorchester und Solo-Konzerte mit Orgelbegleitung durch \u00d6sterreich, aber auch Deutschland, Italien, Ungarn, Tschechische Republik, Rum\u00e4nien, Mexiko, Hongkong und Macao.<\/p>\n<p style=\"text-align: justify;\">Solistin in Gottesdiensten in Kirchen in ganz \u00d6sterreich (Wiener Stephansdom, Votivkirche, Kirche St. Peter, Salzburger Dom, Linzer Dom, u.v.a.) sowie in Deutschland (u.a. Dom zu Passau), Italien (Brixen, Toblach) and Tschechien (Br\u00fcnn).<\/p>\n<p style=\"text-align: justify;\">Zusammenarbeit mit namhaften Orchestern aus \u00d6sterreich, wie Brucknerbund Orchester Ried i.I. unter Joseph Werndl, Nieder\u00f6sterreichisches Tonk\u00fcnstler Orchester unter Bijam Khadem-Missagh, Wiener Amadeus Orchester, Ensemble L\u2019Arco, Wiener Neust\u00e4dter Instrumentalisten u.a., aber auch aus dem Ausland, wie das Kammerorchester der Philharmonie \u201eOltenia\u201c, Craiova, Rum\u00e4nien, unter Ivan Iliev u.a.<\/p>\n<p style=\"text-align: justify;\">Radio- und Fernseh\u00fcbertragungen von Konzerten in \u00d6sterreich, Mexiko, Rum\u00e4nien, Hongkong und Macao. CD \u201eVoice&amp;Organ\u201c &#8211; 2006.<\/p>\n<p style=\"text-align: justify;\">Ab 2015 Zusammenarbeit mit dem Bulgarischen Dirigenten Ivan Iliev unter der k\u00fcnstlerischen Partnerschaft FORTISSIMO PARTNERS.<\/p>\n<p style=\"text-align: justify;\">Unter diesem Management hat Barbara Kajetanowicz die Konzert Tour Austria 2016 mit dem Philharmonischen Kammerorchester \u201eOltenia\u201c aus Craiova, Rum\u00e4nien, organisiert, gefolgt von Konzerten mit dem Kammerorchester M\u00f6dling, Festival Orchester Bad Fischau und dem Akademie Orchester Lienz, sowie Masterclasses in Dirigieren in Kombination mit Gesang in Schloss Fischau.<\/p>\n<p style=\"text-align: justify;\">Im Herbst 2019 wurde unter der k\u00fcnstlerischen Leitung von Barbara Kajetanowicz die neu gegr\u00fcndete Pleyel Akademie in Ruppersthal\/N\u00d6 mit der Gesangs Akademie begr\u00fcndet.<\/p>\n<p style=\"text-align: justify;\">Zur selben Zeit wurde eine Zusammenarbeit mit der Benedict Randhartinger Gesellschaft in Ruprechtshofen aufgebaut, und Ende August 2020 hat die erste Benedict Randhartinger &#8211; Masterclass in Lied Gesang stattgefunden.<\/p>\n<p style=\"text-align: justify;\">Seit Herbst 2020 K\u00fcnstlerische Leiterin und Managerin des Chamber Orchestra M\u00f6dling.<span style=\"font-size: 16px; text-align: left;\">Im Sommer 2021 Gr\u00fcndung des <\/span><i style=\"font-size: 16px; text-align: left;\">Souvenir Quartett &#8211;<\/i><span style=\"font-size: 16px; text-align: left;\"> mit Schwerpunkt Lateinamerikanische Musik neben klassischer Musik.<\/span><\/p>\n<p style=\"text-align: justify;\">Seit vielen Jahren unterrichtet Barbara Kajetanowicz am Konservatorium f\u00fcr Kirchenmusik Wien die F\u00e4cher Stimmbildung und Sologesang, und sie h\u00e4lt die Vorlesungen in Stilkunde.<\/p>\n<p style=\"text-align: justify;\">Ihre k\u00fcnstlerischen Schwerpunkte legt sie auf Interpretation und Ausdruck, der Technik spricht sie eine dienende Rolle zu. \u00dcber allem sch\u00e4tzt sie Authentizit\u00e4t und Klarheit.<\/p>\n<p style=\"text-align: justify;\"><span>Konzerte und Projekte der letzten Jahre:<\/span><\/p>\n<p style=\"text-align: justify;\"><span><\/span><\/p>\n<p><span>Juli 2019 &#8211; Konzert im Goldenen Saal im Musikverein, Wien<\/span><\/p>\n<p><span>Juli 2019 &#8211; Konzert in der Kirche \u201eAlservorstadt\u201c, Wien<\/span><\/p>\n<p><span>Oktober 2019 &#8211; Masterclass in Gesang der Pleyel Akademie<span class=\"Apple-converted-space\">\u00a0<\/span><\/span><\/p>\n<p><span>Dezember 2019 &#8211; Konzertreise: \u201eBirthday Tribute Concerts for Pope Francis\u201c in den Kathedralen von Macao und Hongkong<\/span><\/p>\n<p><span>Juli 2020 &#8211; Musikwerkstatt Gesang in \u201eSchloss Fischau\u201c<\/span><\/p>\n<p><span>Juli 2020 &#8211; Gedenkmesse zum 218. Geburtstag von Benedict Randhartinger in<span class=\"Apple-converted-space\">\u00a0 <\/span>Ruprechtshofen<\/span><\/p>\n<p><span>August 2020 &#8211; Masterclass Gesang im Rahmen der Benedict Randhartinger-Gesellschaft<\/span><\/p>\n<p><span>September 2020 &#8211; Konzert Gesang und Orgel in Stift Geras<\/span><\/p>\n<p><span>September 2020 &#8211; Opernabend, zusammen mit der Mezzosopranistin Daniela Treffner<span class=\"Apple-converted-space\">\u00a0<\/span><\/span><\/p>\n<p><span>Juli 2021 &#8211; Barock-Konzert mit dem Chamber Orchestra M\u00f6dling in St. Othmar in M\u00f6dling<\/span><\/p>\n<p>Juli 2021 &#8211; <span>Musikwerkstatt Gesang in \u201eSchloss Fischau\u201c<\/span><span><\/span><\/p>\n<p><span>August 2021 &#8211; Gedenkmesse zum 219. Geburtstag von Benedict Randhartinger in<span class=\"Apple-converted-space\">\u00a0 <\/span>Ruprechtshofen<\/span><\/p>\n<p><span>August 2021 &#8211; Konzert \u201eLateinamerikanische Lieder und Melodien\u201c mit dem Souvenir Quartett in Wien<\/span><\/p>\n<p><span>September 2021 &#8211; Masterclass Benedict Randhartinger<\/span><\/p>\n<p><span>Oktober 2021 &#8211; Konzert in der St. Nicholas Kirche in Ostrava, Tschechien<\/span><\/p>\n<p><span>Oktober 2021 &#8211; Konzert \u201eLateinamerikanische Lieder und Melodien\u201c mit dem Souvenir Quartett in Wien<\/span><\/p>\n<p><span>Januar 2022 &#8211; Neujahrs-Hochamt in Wien Kirche St. Peter<\/span><\/p>\n<p><span>April 2022 &#8211; Konzert Pergolesi, Stabat Mater in der Kirche Maria Dreieichen<\/span><\/p>\n<p><span>April 2022 &#8211; Oster-Hochamt in Wien<\/span><\/p>\n<p><span>Juli 2022 &#8211; Musikwerkstatt Gesang in Schloss Fischau<\/span><\/p>\n<p><span>September 2022 &#8211; Masterclass f\u00fcr Gesang in Razgrad\/Bulgarien<\/span><\/p>\n<p><span>Oktober 2022 &#8211;<span class=\"Apple-converted-space\">\u00a0 <\/span>Masterclass Benedict Randhartinger<\/span><\/p>\n<p><span>November 2022 &#8211; Konzert \u201eLateinamerikanische Lieder und Melodien\u201c mit dem Souvenir Quartett in Wien<\/span><\/p>\n<p><span>Dezember 2022 &#8211; Weihnachtskonzert in Razgrad\/Bugarien<\/span><\/p>\n<p><span>Dezember 2022 &#8211; Weihnachts-Hochamt in Wien<\/span><\/p>\n<p><span>Januar 2023 &#8211; Benefizkonzert in M\u00f6dling<\/span><\/p>\n<p><span>Januar 2023 &#8211; Benefizkonzert in Klosterneuburg<\/span><\/p>\n<p><span>Januar 2023 &#8211; Barock-Konzert im QuoVadis in Wien<\/span><\/p>\n<p><span>Februar 2023 &#8211; Feierliches Hochzeits-Hochamt in Br\u00fcnn\/Tschechien<\/span><\/p>\n<p><span>Februar 2023 &#8211; Konzert \u201eLateinamerikanische Lieder und Melodien\u201c mit dem Souvenir Quartett, Wien<\/span><\/p>\n<p><span>Februar 2023 &#8211; Masterclass f\u00fcr Gesang in Razgrad\/Bulgarien<\/span><\/p>\n<p><span>M\u00e4rz 2023 &#8211; Konzert &#8222;Wessetzky, Psalm 91&#8220; in Wien<\/span><\/p>\n<p><span>April 2023 &#8211; Konzert \u201eLateinamerikanische Lieder und Melodien\u201c mit dem Souvenir Quartett in Wien<\/span><\/p>\n<p><span>Juni 2023 &#8211; Konzert \u201eLateinamerikanische Lieder und Melodien\u201c mit dem Souvenir Quartett in Wien<\/span><\/p>\n<p><span>Juli 2023 &#8211; Musikwerkstatt Gesang in Schloss Fischau<\/span><\/p>\n<p><span>Juli 2023 &#8211; Gedenkmesse zum 221. Geburtstag von Benedict Randhartinger in<span class=\"Apple-converted-space\">\u00a0 <\/span>Ruprechtshofen<\/span><\/p>\n<p><span>Juli 2023 &#8211; Konzert im Goldenen Saal im Wiener Musikverein<\/span><\/p>\n<p><span>Juli 2023 &#8211; Feierliche Adels-Hochzeit in Stift Heiligenkreuz<\/span><\/p>\n<p><span>August 2023 &#8211; Feierliches Hochamt in Wien<\/span><\/p>\n<p><span>Dezember 2023 &#8211; Feierliches Hochamt in Wien<\/span><\/p>\n<p><span>Dezember 2023 &#8211; Weihnachts-Hochamt in Wien<\/span><\/p>\n<p><span>M\u00e4rz 2024 &#8211; Liederabend in Schloss Fischau<\/span><\/p>\n<p><span>M\u00e4rz 2024 &#8211; Feierliches Hochamt in Maria Dreieichen<\/span><\/p>\n<p><span>Juni 2024 &#8211; Konzertreise nach Mechelen\/Belgien<\/span><\/p>\n<p><span>\u00a0<\/span><\/p>\n<p>[\/et_pb_text][\/et_pb_column][\/et_pb_row][et_pb_row _builder_version=&#8220;4.16&#8243; _module_preset=&#8220;default&#8220; global_colors_info=&#8220;{}&#8220;][et_pb_column type=&#8220;4_4&#8243; _builder_version=&#8220;4.16&#8243; _module_preset=&#8220;default&#8220; global_colors_info=&#8220;{}&#8220;][et_pb_text _builder_version=&#8220;4.16&#8243; _module_preset=&#8220;default&#8220; global_colors_info=&#8220;{}&#8220;]<\/p>\n<p style=\"text-align: center;\"><a href=\"https:\/\/www.barbarakajetanowicz.com\">\u21d0 zur\u00fcck<\/a><\/p>\n<p>[\/et_pb_text][\/et_pb_column][\/et_pb_row][\/et_pb_section]<\/p>\n","protected":false},"excerpt":{"rendered":"<p>\u00dcber michBarbara Kajetanowicz &#8211;\u00a0Sopran Barbara Kajetanowicz studierte zun\u00e4chst in Linz an der Anton-Bruckner-Universit\u00e4t (Sologesang bei Gertrud Schulz), um danach an der Universit\u00e4t f\u00fcr Musik in Wien ihre Ausbildung fortzusetzen, wo ihre entscheidenden Lehrer Rotraut Hansmann und Gertraud Berka-Schmid waren.In postgraduellen Studien absolviert sie den \u201eMaster of Arts\u201c, und ihre k\u00fcnstlerische Reife erh\u00e4lt sie in Meisterkursen [&hellip;]<\/p>\n","protected":false},"author":1,"featured_media":0,"parent":0,"menu_order":0,"comment_status":"closed","ping_status":"closed","template":"","meta":{"_et_pb_use_builder":"on","_et_pb_old_content":"","_et_gb_content_width":"","footnotes":"","_links_to":"","_links_to_target":""},"class_list":["post-157","page","type-page","status-publish","hentry"],"_links":{"self":[{"href":"https:\/\/www.barbarakajetanowicz.com\/en\/wp-json\/wp\/v2\/pages\/157","targetHints":{"allow":["GET"]}}],"collection":[{"href":"https:\/\/www.barbarakajetanowicz.com\/en\/wp-json\/wp\/v2\/pages"}],"about":[{"href":"https:\/\/www.barbarakajetanowicz.com\/en\/wp-json\/wp\/v2\/types\/page"}],"author":[{"embeddable":true,"href":"https:\/\/www.barbarakajetanowicz.com\/en\/wp-json\/wp\/v2\/users\/1"}],"replies":[{"embeddable":true,"href":"https:\/\/www.barbarakajetanowicz.com\/en\/wp-json\/wp\/v2\/comments?post=157"}],"version-history":[{"count":25,"href":"https:\/\/www.barbarakajetanowicz.com\/en\/wp-json\/wp\/v2\/pages\/157\/revisions"}],"predecessor-version":[{"id":946,"href":"https:\/\/www.barbarakajetanowicz.com\/en\/wp-json\/wp\/v2\/pages\/157\/revisions\/946"}],"wp:attachment":[{"href":"https:\/\/www.barbarakajetanowicz.com\/en\/wp-json\/wp\/v2\/media?parent=157"}],"curies":[{"name":"wp","href":"https:\/\/api.w.org\/{rel}","templated":true}]}}